{"id":12066,"date":"2021-01-04T01:31:03","date_gmt":"2021-01-04T09:31:03","guid":{"rendered":"https:\/\/artelectronicmedia.com\/artwork\/nidos\/"},"modified":"2021-01-04T01:31:21","modified_gmt":"2021-01-04T09:31:21","slug":"nidos","status":"publish","type":"artwork","link":"https:\/\/artelectronicmedia.com\/es\/artwork\/nidos\/","title":{"rendered":"Nidos"},"content":{"rendered":"<div style=\"width: 640px;\" class=\"wp-video\"><!--[if lt IE 9]><script>document.createElement('video');<\/script><![endif]-->\n<video class=\"wp-video-shortcode\" id=\"video-12066-1\" width=\"640\" height=\"360\" preload=\"metadata\" controls=\"controls\"><source type=\"video\/youtube\" src=\"https:\/\/www.youtube.com\/watch?v=gCB9BE5H6B4&#038;_=1\" \/><a href=\"https:\/\/www.youtube.com\/watch?v=gCB9BE5H6B4\">https:\/\/www.youtube.com\/watch?v=gCB9BE5H6B4<\/a><\/video><\/div>\n<p>El artista Jakub Geltner ha desarrollado una serie de instalaciones que voltean el punto de vista de los equipos de vigilancia est\u00e1ndar. El proyecto conocido como \u00abnido\u00bb utiliza equipos de vigilancia como c\u00e1maras de video y antenas parab\u00f3licas, y los coloca en lugares \u00fanicos en bandadas congestionadas. Los lugares \u00fanicos incluyen pero no se limitan a playas, escuelas primarias, edificios y puentes donde las amalgamas de hasta veinte c\u00e1maras o sat\u00e9lites se colocan muy cerca entre s\u00ed; se\u00f1alando en qu\u00e9 direcci\u00f3n. La vigilancia por parte de gobiernos, corporaciones e incluso otras instituciones se est\u00e1 convirtiendo en una epidemia en todo el mundo. Esta es la manera de Geltner de recordar al mundo que, en cierto sentido, los seres humanos nunca est\u00e1n fuera de la l\u00ednea de visi\u00f3n; continuamente estamos siendo observados incluso cuando no nos damos cuenta.<\/p>\n<p><img decoding=\"async\" class=\"alignleft\" style=\"width: 250px; height: 200px;\" src=\"http:\/\/artelectronicmedia.com\/wp-content\/uploads\/jakub-geltner-nests-security-cameras-in-nature-sculpture-by-the-sea-designboom-500.jpg\" alt=\"jakub-geltner-nests-security-cameras-in-\"><\/p>\n<p>La alta saturaci\u00f3n de c\u00e1maras y sat\u00e9lites imita la propagaci\u00f3n de una infecci\u00f3n o erupci\u00f3n cut\u00e1nea, al tiempo que trae estos objetos tecnol\u00f3gicos que generalmente est\u00e1n destinados a no tener la atenci\u00f3n de hacer caso a ellos para que sean palpables por el p\u00fablico. [1] Geltner plantea el punto de que estas tecnolog\u00edas de vigilancia que se est\u00e1n incorporando en casi todos los lugares de interactividad humana son m\u00e1s un obst\u00e1culo que una ayuda en el mundo; posiblemente algo que invade no s\u00f3lo la privacidad de las personas, sino que invade los derechos humanos b\u00e1sicos y el bienestar. Incluso si usted est\u00e1 en un espacio privado como su hogar, hay m\u00faltiples dispositivos y tecnolog\u00edas que mucho podr\u00edan estar escuchando en sus conversaciones, el seguimiento de sus b\u00fasquedas en Internet, y la distribuci\u00f3n de sus metadatos entre varias empresas para perfeccionar los productos que se adapten a sus necesidades.<\/p>\n<p>&nbsp;<\/p>\n<p><img decoding=\"async\" class=\"alignright\" style=\"height: 200px; width: 300px;\" src=\"http:\/\/artelectronicmedia.com\/wp-content\/uploads\/jakub-geltner-sculpture-by-the-sea-cctv-nest-designboom-06.jpg\" alt=\"jakub-geltner-sculpture-by-the-sea-cctv-\">Estas instalaciones se colocan constantemente en lugares destinados al ocio y la relajaci\u00f3n, creando una cuesti\u00f3n de \u00bfcon qu\u00e9 frecuencia estamos siendo vigilados en nuestra vida privada sin conocimiento? \u00bfEsto es algo que es moral? Esta visi\u00f3n posmodernista de las condiciones de vigilancia alude a los efectos negativos que la vigilancia puede tener en la sociedad. \u00bfPor qu\u00e9 los seres humanos deber\u00edan ser sometidos a vigilancia aleatoria por grupos que son m\u00e1s altos en clase o autoridad gubernamental? Geltner asume a la perfecci\u00f3n estas preguntas y las presenta al p\u00fablico para que despierten las conversaciones y los valores que los gobiernos y otras instituciones est\u00e1n haciendo a sus ciudadanos. La vigilancia crea una relaci\u00f3n t\u00f3xica entre las clases sociales y econ\u00f3micas, as\u00ed como obligar sutilmente a que el ser est\u00e1 siendo \u00abvigilado\u00bb a actuar en consecuencia a sus \u00absurveillores\u00bb.<\/p>\n<p>&nbsp;<\/p>\n<p>&nbsp;<\/p>\n<p>1-\u00abJakub Geltner Nests C\u00e1maras de Seguridad Platos Sat\u00e9lites en Naturaleza y Arquitectura.\u00bb Designboom. 10 de diciembre de 2015. Consultado el 12 de marzo de 2019. https:\/\/www.designboom.com\/art\/jakub-geltner-nests-security-cameras-sculpture-by-the-sea-06-30-2015\/.<\/p>\n","protected":false},"author":296,"featured_media":12069,"template":"","artist":[2030],"streams":[6074],"keywords":[5772,6392,6099],"decade":[6061],"media":[6071],"class_list":["post-12066","artwork","type-artwork","status-publish","has-post-thumbnail","hentry","artist-jakub-geltner","streams-redes-vigilancia-jamming-de-cultura","keywords-installation-es","keywords-post-modernismo","keywords-vigilancia","decade-2010s-es","media-installation-es"],"_links":{"self":[{"href":"https:\/\/artelectronicmedia.com\/es\/wp-json\/wp\/v2\/artwork\/12066","targetHints":{"allow":["GET"]}}],"collection":[{"href":"https:\/\/artelectronicmedia.com\/es\/wp-json\/wp\/v2\/artwork"}],"about":[{"href":"https:\/\/artelectronicmedia.com\/es\/wp-json\/wp\/v2\/types\/artwork"}],"author":[{"embeddable":true,"href":"https:\/\/artelectronicmedia.com\/es\/wp-json\/wp\/v2\/users\/296"}],"version-history":[{"count":1,"href":"https:\/\/artelectronicmedia.com\/es\/wp-json\/wp\/v2\/artwork\/12066\/revisions"}],"predecessor-version":[{"id":12076,"href":"https:\/\/artelectronicmedia.com\/es\/wp-json\/wp\/v2\/artwork\/12066\/revisions\/12076"}],"wp:featuredmedia":[{"embeddable":true,"href":"https:\/\/artelectronicmedia.com\/es\/wp-json\/wp\/v2\/media\/12069"}],"wp:attachment":[{"href":"https:\/\/artelectronicmedia.com\/es\/wp-json\/wp\/v2\/media?parent=12066"}],"wp:term":[{"taxonomy":"artist","embeddable":true,"href":"https:\/\/artelectronicmedia.com\/es\/wp-json\/wp\/v2\/artist?post=12066"},{"taxonomy":"streams","embeddable":true,"href":"https:\/\/artelectronicmedia.com\/es\/wp-json\/wp\/v2\/streams?post=12066"},{"taxonomy":"keywords","embeddable":true,"href":"https:\/\/artelectronicmedia.com\/es\/wp-json\/wp\/v2\/keywords?post=12066"},{"taxonomy":"decade","embeddable":true,"href":"https:\/\/artelectronicmedia.com\/es\/wp-json\/wp\/v2\/decade?post=12066"},{"taxonomy":"media","embeddable":true,"href":"https:\/\/artelectronicmedia.com\/es\/wp-json\/wp\/v2\/media?post=12066"}],"curies":[{"name":"wp","href":"https:\/\/api.w.org\/{rel}","templated":true}]}}